{"id":890,"date":"2020-08-30T20:45:29","date_gmt":"2020-08-30T18:45:29","guid":{"rendered":"https:\/\/waszkiewicz.net\/przedszkole\/?page_id=890"},"modified":"2023-04-04T10:49:17","modified_gmt":"2023-04-04T08:49:17","slug":"klauzula-informacyjna-dla-dzieci-i-rodzicow-proces-rekrutacji","status":"publish","type":"page","link":"https:\/\/sloneczna9.pl\/?page_id=890","title":{"rendered":"Klauzula informacyjna dla dzieci i rodzic\u00f3w \u2013 proces rekrutacji"},"content":{"rendered":"<h6 style=\"text-align: center;\"><strong>Klauzula informacyjna dla dzieci i rodzic\u00f3w \u2013 proces rekrutacji<\/strong><\/h6>\n<ol>\n<li>Administratorem danych osobowych dzieci i rodzic\u00f3w\/opiekun\u00f3w prawnych jest Przedszkole publiczne nr 9 w Szczecinie. Z Administratorem mo\u017cna skontaktowa\u0107 si\u0119 listownie: ul. Kostki Napierskiego 13, 70- 783 Szczecin, e-mail:&nbsp;<span id=\"cloak8dc2ddb91dc801b756c76c5ec268fd85\"><a href=\"mailto:pp9@miasto.szczecin.pl\">pp9@miasto.szczecin.pl<\/a><\/span> oraz telefonicznie: 91 46 29 288.<\/li>\n<li>Dane osobowe s\u0105 przetwarzane w celu przeprowadzenia rekrutacji do Przedszkola Publicznego nr 9 w Szczecinie na podstawie art. 6 ust. 1 lit. c i art. 9 ust. 2 lit. h RODO, tj. w celu wykonania obowi\u0105zku prawnego na\u0142o\u017conego art. 13\/14 oraz art. 130 i nast. ustawy z dnia 14 grudnia 2016 r. Prawo o\u015bwiatowe (Dz.U. z 2017 r., poz., 59 ze zm.).<\/li>\n<li>Odbiorcami danych osobowych s\u0105 upowa\u017cnieni pracownicy Administratora, podmioty, kt\u00f3rym nale\u017cy udost\u0119pni\u0107 dane osobowe na podstawie przepis\u00f3w prawa, a tak\u017ce te, kt\u00f3rym dane zostan\u0105 powierzone do zrealizowania cel\u00f3w przetwarzania.<\/li>\n<li>Dane osobowe pozyskane w procesie rekrutacji b\u0119d\u0105 przechowywane nie d\u0142u\u017cej ni\u017c do ko\u0144ca okresu, w kt\u00f3rym dziecko b\u0119dzie ucz\u0119szcza\u0142o b\u0119dzie do plac\u00f3wki, a w przypadku nie przyj\u0119cia do plac\u00f3wki \u2013 przez okres jednego roku.<\/li>\n<li>Maj\u0105 Pa\u0144stwo prawo \u017c\u0105dania od Administratora dost\u0119pu do swoich danych osobowych, ich sprostowania, usuni\u0119cia lub ograniczenia przetwarzania, prawo do wniesienia sprzeciwu wobec przetwarzania, a tak\u017ce prawo do przenoszenia danych.<\/li>\n<li>Maj\u0105 Pa\u0144stwo prawo wnie\u015b\u0107 skarg\u0119 do organu nadzorczego, kt\u00f3rym jest Prezes Urz\u0119du Ochrony Danych Osobowych, je\u015bli uznaj\u0105 Pa\u0144stwo, i\u017c przetwarzanie przez Administratora Pa\u0144stwa danych osobowych narusza przepisy dot. ochrony danych osobowych.<\/li>\n<li>Podanie danych osobowych jest wymogiem ustawowym. W celu uczestniczenia w rekrutacji s\u0105 Pa\u0144stwo zobowi\u0105zani do podania danych. Niepodanie danych skutkuje odmow\u0105 uczestnictwa w rekrutacji.<\/li>\n<\/ol>\n","protected":false},"excerpt":{"rendered":"<p>Klauzula informacyjna dla dzieci i rodzic\u00f3w \u2013 proces rekrutacji Administratorem danych osobowych dzieci i rodzic\u00f3w\/opiekun\u00f3w prawnych jest Przedszkole publiczne nr 9 w Szczecinie. Z Administratorem mo\u017cna skontaktowa\u0107 si\u0119 listownie: ul. Kostki Napierskiego 13, 70- 783 Szczecin, e-mail:&nbsp;pp9@miasto.szczecin.pl oraz telefonicznie: 91 46 29 288. Dane osobowe s\u0105 przetwarzane w celu przeprowadzenia rekrutacji do Przedszkola Publicznego nr [&hellip;]<\/p>\n","protected":false},"author":2,"featured_media":0,"parent":0,"menu_order":0,"comment_status":"closed","ping_status":"closed","template":"","meta":{"ngg_post_thumbnail":0},"_links":{"self":[{"href":"https:\/\/sloneczna9.pl\/index.php?rest_route=\/wp\/v2\/pages\/890"}],"collection":[{"href":"https:\/\/sloneczna9.pl\/index.php?rest_route=\/wp\/v2\/pages"}],"about":[{"href":"https:\/\/sloneczna9.pl\/index.php?rest_route=\/wp\/v2\/types\/page"}],"author":[{"embeddable":true,"href":"https:\/\/sloneczna9.pl\/index.php?rest_route=\/wp\/v2\/users\/2"}],"replies":[{"embeddable":true,"href":"https:\/\/sloneczna9.pl\/index.php?rest_route=%2Fwp%2Fv2%2Fcomments&post=890"}],"version-history":[{"count":2,"href":"https:\/\/sloneczna9.pl\/index.php?rest_route=\/wp\/v2\/pages\/890\/revisions"}],"predecessor-version":[{"id":21489,"href":"https:\/\/sloneczna9.pl\/index.php?rest_route=\/wp\/v2\/pages\/890\/revisions\/21489"}],"wp:attachment":[{"href":"https:\/\/sloneczna9.pl\/index.php?rest_route=%2Fwp%2Fv2%2Fmedia&parent=890"}],"curies":[{"name":"wp","href":"https:\/\/api.w.org\/{rel}","templated":true}]}}