{"id":880,"date":"2020-08-30T20:42:32","date_gmt":"2020-08-30T18:42:32","guid":{"rendered":"https:\/\/waszkiewicz.net\/przedszkole\/?page_id=880"},"modified":"2025-01-06T15:38:59","modified_gmt":"2025-01-06T14:38:59","slug":"klauzula-informacyjna-dla-kandydatow-do-pracy","status":"publish","type":"page","link":"https:\/\/sloneczna9.pl\/?page_id=880","title":{"rendered":"Klauzula informacyjna dla kandydat\u00f3w do pracy"},"content":{"rendered":"<p><img class=\"aligncenter\" src=\"http:\/\/www.sloneczna9.pl\/images\/45600113_916936661836464_7326678487115235328_n.jpg\" alt=\"45600113_916936661836464_7326678487115235328_n.jpg\"><\/p>\n<h6 style=\"text-align: center;\">Klauzula informacyjna dla kandydat\u00f3w do pracy<\/h6>\n<ol>\n<li>Administratorem Pa\u0144stwa danych osobowych jest Przedszkole publiczne nr 9&nbsp; w Szczecinie. Z Administratorem mo\u017cna skontaktowa\u0107 si\u0119 listownie: ul. Kostki Napierskiego 13, 70- 783 Szczecin, e-mail:&nbsp;<span id=\"cloakf5fc944627a18dda2f11bbea45a144bf\"><a href=\"mailto:pp9@miasto.szczecin.pl\">pp9@miasto.szczecin.pl<\/a><\/span>&nbsp;oraz telefonicznie: 91 46 29 288.<\/li>\n<li>Inspektorem Ochrony Danych jest <span style=\"font-size: 1rem;\">Pani Joanna Martyniuk- Placha, z kt\u00f3r\u0105 mo\u017cna si\u0119 skontaktowa\u0107 e-mailowo:&nbsp;<\/span><a style=\"font-size: 1rem;\" role=\"link\" href=\"mailto:iod@spnt.pl\">iod@cyberlex.szczecin.pl<\/a><span style=\"font-size: 1rem;\"> oraz telefonicznie: +48 534 930 280.<\/span><\/li>\n<li>Pa\u0144stwa dane osobowe s\u0105 przetwarzane w celu przeprowadzenia rekrutacji na stanowisko pracownicze do Przedszkola Publicznego nr 9 w Szczecinie, na podstawie:<\/li>\n<\/ol>\n<ol>\n<li>6 ust. 1 lit. c RODO tj. gdy przetwarzanie jest niezb\u0119dne do wype\u0142nienia obowi\u0105zku prawnego ci\u0105\u017c\u0105cego na plac\u00f3wce, w tym w zwi\u0105zku z wykonaniem obowi\u0105zk\u00f3w na\u0142o\u017conych art. 22 (1) par. 1 Kodeksu Pracy, art. 10 ust. 5 Karty Nauczyciela, art. 13\/14 ustawy z dnia 14 grudnia 2016 r. Prawo o\u015bwiatowe (Dz.U. z 2017 r., poz., 59)<\/li>\n<li>6 ust. 1 lit. a RODO tj. na podstawie zgody udzielonej w celach okre\u015blonych ka\u017cdorazowo w przekazywanych formularzach zgody,<\/li>\n<li>6 ust. 1 lit. b RODO &#8211; podj\u0119cie dzia\u0142a\u0144 na \u017c\u0105danie osoby, kt\u00f3rej dane dotycz\u0105, przed zawarciem umowy.4. Odbiorcami danych s\u0105 upowa\u017cnieni pracownicy Administratora, podmioty, kt\u00f3rym nale\u017cy udost\u0119pni\u0107 dane osobowe w celu wykonania obowi\u0105zku prawnego, a tak\u017ce podmioty, kt\u00f3rym dane zostan\u0105 powierzone do zrealizowania cel\u00f3w przetwarzania.<br \/>\n5. Pa\u0144stwa dane osobowe b\u0119d\u0105 przechowywane do zako\u0144czenia procesu rekrutacji, chyba \u017ce wyra\u017c\u0105 Pa\u0144stwo zgod\u0119 na ich przetwarzanie na potrzeby dalszych proces\u00f3w rekrutacyjnych.<br \/>\n6. Maj\u0105 Pa\u0144stwo prawo \u017c\u0105dania od Administratora dost\u0119pu do swoich danych osobowych, ich sprostowania, usuni\u0119cia lub ograniczenia przetwarzania, prawo do wniesienia sprzeciwu wobec przetwarzania, a tak\u017ce prawo do przenoszenia danych.<br \/>\n7. W przypadku danych przetwarzanych na podstawie zgody, maj\u0105 Pa\u0144stwo prawo do cofni\u0119cia zgody w&nbsp;dowolnym momencie bez wp\u0142ywu na zgodno\u015b\u0107 z&nbsp;prawem przetwarzania, kt\u00f3rego dokonano na podstawie zgody przed jej cofni\u0119ciem.<br \/>\n8. Maj\u0105 Pa\u0144stwo prawo wnie\u015b\u0107 skarg\u0119 do organu nadzorczego, kt\u00f3rym jest Prezes Urz\u0119du Ochrony Danych Osobowych, je\u015bli uznaj\u0105 Pa\u0144stwo, i\u017c przetwarzanie przez Administratora Pa\u0144stwa danych osobowych narusza przepisy dot. ochrony danych osobowych.<br \/>\n9. Podanie danych osobowych jest dobrowolne, ale w celu uczestniczenia w rekrutacji s\u0105 Pa\u0144stwo zobowi\u0105zani do podania danych. Niepodanie danych skutkuje odmow\u0105 uczestnictwa w rekrutacji.<\/li>\n<\/ol>\n","protected":false},"excerpt":{"rendered":"<p>Klauzula informacyjna dla kandydat\u00f3w do pracy Administratorem Pa\u0144stwa danych osobowych jest Przedszkole publiczne nr 9&nbsp; w Szczecinie. Z Administratorem mo\u017cna skontaktowa\u0107 si\u0119 listownie: ul. Kostki Napierskiego 13, 70- 783 Szczecin, e-mail:&nbsp;pp9@miasto.szczecin.pl&nbsp;oraz telefonicznie: 91 46 29 288. Inspektorem Ochrony Danych jest Pani Joanna Martyniuk- Placha, z kt\u00f3r\u0105 mo\u017cna si\u0119 skontaktowa\u0107 e-mailowo:&nbsp;iod@cyberlex.szczecin.pl oraz telefonicznie: +48 534 930 [&hellip;]<\/p>\n","protected":false},"author":2,"featured_media":0,"parent":0,"menu_order":0,"comment_status":"closed","ping_status":"closed","template":"","meta":{"ngg_post_thumbnail":0},"_links":{"self":[{"href":"https:\/\/sloneczna9.pl\/index.php?rest_route=\/wp\/v2\/pages\/880"}],"collection":[{"href":"https:\/\/sloneczna9.pl\/index.php?rest_route=\/wp\/v2\/pages"}],"about":[{"href":"https:\/\/sloneczna9.pl\/index.php?rest_route=\/wp\/v2\/types\/page"}],"author":[{"embeddable":true,"href":"https:\/\/sloneczna9.pl\/index.php?rest_route=\/wp\/v2\/users\/2"}],"replies":[{"embeddable":true,"href":"https:\/\/sloneczna9.pl\/index.php?rest_route=%2Fwp%2Fv2%2Fcomments&post=880"}],"version-history":[{"count":4,"href":"https:\/\/sloneczna9.pl\/index.php?rest_route=\/wp\/v2\/pages\/880\/revisions"}],"predecessor-version":[{"id":24371,"href":"https:\/\/sloneczna9.pl\/index.php?rest_route=\/wp\/v2\/pages\/880\/revisions\/24371"}],"wp:attachment":[{"href":"https:\/\/sloneczna9.pl\/index.php?rest_route=%2Fwp%2Fv2%2Fmedia&parent=880"}],"curies":[{"name":"wp","href":"https:\/\/api.w.org\/{rel}","templated":true}]}}