{"id":394,"date":"2020-11-06T09:30:41","date_gmt":"2020-11-06T08:30:41","guid":{"rendered":"https:\/\/waszkiewicz.net\/przedszkole\/?page_id=394"},"modified":"2020-11-06T09:30:41","modified_gmt":"2020-11-06T08:30:41","slug":"aktualnosci-bez-kategorii","status":"publish","type":"page","link":"https:\/\/sloneczna9.pl\/?page_id=394","title":{"rendered":"Aktualno\u015bci bez kategorii"},"content":{"rendered":"<h5><strong>Aktualno\u015bci:<\/strong><br \/>\n<ul class=\"lcp_catlist\" id=\"lcp_instance_0\"><\/ul><br \/>\n<ul class=\"lcp_catlist\" id=\"lcp_instance_0\"><li><a href=\"https:\/\/sloneczna9.pl\/?p=24909\">Spotkanie przedszkolak\u00f3w ze Stra\u017c\u0105 Miejsk\u0105<\/a><\/li><li><a href=\"https:\/\/sloneczna9.pl\/?p=24899\">Pasowanie na \u017ceglarza.<\/a><\/li><li><a href=\"https:\/\/sloneczna9.pl\/?p=24895\">Przedszkolaki powita\u0142y Wiosn\u0119!<\/a><\/li><li><a href=\"https:\/\/sloneczna9.pl\/?p=24891\">Mi\u0119dzynarodowy Dzie\u0144 Poezji w naszym przedszkolu<\/a><\/li><li><a href=\"https:\/\/sloneczna9.pl\/?p=24879\">Wsz\u0119dzie dobrze, ale w naszym przedszkolu najlepiej!<\/a><\/li><li><a href=\"https:\/\/sloneczna9.pl\/?p=24852\">Zapraszamy nowych przedszkolak\u00f3w!<\/a><\/li><li><a href=\"https:\/\/sloneczna9.pl\/?p=24843\">Podzi\u0119kowania<\/a><\/li><li><a href=\"https:\/\/sloneczna9.pl\/?p=24837\">Zapraszamy na Dzie\u0144 Otwarty Przedszkola<\/a><\/li><li><a href=\"https:\/\/sloneczna9.pl\/?p=24751\">Weso\u0142ych \u015awi\u0105t Bo\u017cego Narodzenia!<\/a><\/li><li><a href=\"https:\/\/sloneczna9.pl\/?p=24749\">\u015awi\u0119ta Bo\u017cego Narodzenia<\/a><\/li><li><a href=\"https:\/\/sloneczna9.pl\/?p=24747\">Nauczyciele dzieciom na \u015bwi\u0119ta Bo\u017cego Narodzenia<\/a><\/li><li><a href=\"https:\/\/sloneczna9.pl\/?p=24745\">Magiczne drzewko \u017cycze\u0144<\/a><\/li><li><a href=\"https:\/\/sloneczna9.pl\/?p=24743\">Pierniczkowe spotkanie<\/a><\/li><li><a href=\"https:\/\/sloneczna9.pl\/?p=24739\">\u015awi\u0105teczny kiermasz 2025<\/a><\/li><li><a href=\"https:\/\/sloneczna9.pl\/?p=24719\">Wizyta Stra\u017cy Miejskiej w Przedszkolu<\/a><\/li><li><a href=\"https:\/\/sloneczna9.pl\/?p=24699\">Festyn rodzinny na sportowo z okazji Dnia Przedszkolaka<\/a><\/li><li><a href=\"https:\/\/sloneczna9.pl\/?p=24619\">Zebrania informacyjno- organizacyjne w roku szkolnym 2025\/2026<\/a><\/li><li><a href=\"https:\/\/sloneczna9.pl\/?p=24591\">Upominek dla dzieci z okazji Dnia Dziecka<\/a><\/li><li><a href=\"https:\/\/sloneczna9.pl\/?p=24580\">Niecodzienni go\u015bcie w naszym przedszkolu<\/a><\/li><li><a href=\"https:\/\/sloneczna9.pl\/?p=24575\">Dni skandynawskie w naszym przedszkolu<\/a><\/li><li><a href=\"https:\/\/sloneczna9.pl\/?p=24572\">Go\u015bcili\u015bmy dzieci ze \u017c\u0142obka S\u0142oneczko.<\/a><\/li><li><a href=\"https:\/\/sloneczna9.pl\/?p=24569\">Jeste\u015bmy \u017beglarzami!<\/a><\/li><li><a href=\"https:\/\/sloneczna9.pl\/?p=24564\">Pasowanie na \u017ceglarza w S\u0142onecznej Dziewi\u0105tce!<\/a><\/li><li><a href=\"https:\/\/sloneczna9.pl\/?p=24560\">Trenuj z nami przedszkolakmi!<\/a><\/li><li><a href=\"https:\/\/sloneczna9.pl\/?p=24558\">Trenuj na niebiesko!<\/a><\/li><li><a href=\"https:\/\/sloneczna9.pl\/?p=24554\">Weso\u0142ych \u015awi\u0105t Wielkanocnych<\/a><\/li><li><a href=\"https:\/\/sloneczna9.pl\/?p=24541\">Mi\u0119dzynarodowy Dzie\u0144 Poezji<\/a><\/li><li><a href=\"https:\/\/sloneczna9.pl\/?p=24535\">S\u0142oneczna Dziewi\u0105tka powita\u0142a Wiosn\u0119!<\/a><\/li><li><a href=\"https:\/\/sloneczna9.pl\/?p=24533\">Witaj Wiosenko!<\/a><\/li><li><a href=\"https:\/\/sloneczna9.pl\/?p=24522\">Dzie\u0144 dinozaura<\/a><\/li><li><a href=\"https:\/\/sloneczna9.pl\/?p=24520\">Pani dyrektor w Plastusiach.<\/a><\/li><li><a href=\"https:\/\/sloneczna9.pl\/?p=24485\">Dzie\u0144 otwarty w S\u0142onecznej Dziewi\u0105tce<\/a><\/li><li><a href=\"https:\/\/sloneczna9.pl\/?p=24482\">Wizyta Pani dyrektor w Pszcz\u00f3\u0142kach.<\/a><\/li><li><a href=\"https:\/\/sloneczna9.pl\/?p=24477\">Walentynki &#8211; \u015bwi\u0119to przyja\u017ani, akceptacji, empatii&#8230;<\/a><\/li><li><a href=\"https:\/\/sloneczna9.pl\/?p=24457\">W karnawale bawimy si\u0119 wspaniale!<\/a><\/li><li><a href=\"https:\/\/sloneczna9.pl\/?p=24391\">Nasza pi\u0119kna tradycja!<\/a><\/li><li><a href=\"https:\/\/sloneczna9.pl\/?p=24226\">STANDARDY OCHRONY MA\u0141OLETNICH PRZED KRZYWDZENIEM W PRZEDSZKOLU PUBLICZNYM NR 9 W SZCZECINIE<\/a><\/li><li><a href=\"https:\/\/sloneczna9.pl\/?p=23616\">Plac\u00f3wka promuj\u0105ca zasady zdrowego \u017cywienia<\/a><\/li><li><a href=\"https:\/\/sloneczna9.pl\/?p=22051\">Witaj Przedszkole\ud83c\udf1e<\/a><\/li><li><a href=\"https:\/\/sloneczna9.pl\/?p=21862\">Nauczyciele Dzieciom na Dzie\u0144 Dziecka &#8211; nasza wspania\u0142a tradycja!<\/a><\/li><li><a href=\"https:\/\/sloneczna9.pl\/?p=21027\">Bo S\u0142oneczna Dziewi\u0105tka to moje przedszkole&#8230;<\/a><\/li><li><a href=\"https:\/\/sloneczna9.pl\/?p=20290\">OG\u0141OSZENIE- odp\u0142atno\u015b\u0107 za przedszkole.<\/a><\/li><li><a href=\"https:\/\/sloneczna9.pl\/?p=20154\">Wa\u017cne!<\/a><\/li><li><a href=\"https:\/\/sloneczna9.pl\/?p=20103\">\u015awi\u0105teczne pierniczki<\/a><\/li><li><a href=\"https:\/\/sloneczna9.pl\/?p=19806\">Kiermasz \u015awi\u0105teczny<\/a><\/li><li><a href=\"https:\/\/sloneczna9.pl\/?p=18561\">Pr\u00f3bna ewakuacja w S\u0142onecznej Dziewi\u0105tce<\/a><\/li><li><a href=\"https:\/\/sloneczna9.pl\/?p=17309\">Teatr Nauczyciele Dzieciom<\/a><\/li><li><a href=\"https:\/\/sloneczna9.pl\/?p=16726\">Pani Dyrektor czyta przedszkolakom<\/a><\/li><li><a href=\"https:\/\/sloneczna9.pl\/?p=15115\">Akcja UNICEF &#8222;Wszystkie Kolory \u015awiata&#8221;<\/a><\/li><li><a href=\"https:\/\/sloneczna9.pl\/?p=14661\">Mi\u0119dzynarodowy Dzie\u0144 Os\u00f3b Z Niepe\u0142nosprawno\u015bciami<\/a><\/li><li><a href=\"https:\/\/sloneczna9.pl\/?p=13832\">Czekamy na Ciebie!<\/a><\/li><li><a href=\"https:\/\/sloneczna9.pl\/?p=13830\">Zapraszamy do S\u0142onecznej Dziewi\u0105tki!<\/a><\/li><li><a href=\"https:\/\/sloneczna9.pl\/?p=13826\">Bo S\u0142oneczna Dziewi\u0105tka, to moje przedszkole<\/a><\/li><li><a href=\"https:\/\/sloneczna9.pl\/?p=13410\">KWARANTANNA DLA CZ\u0118\u015aCI DZIECI Z GRUPY III PROMYCZKI I XI \u015aWIETLIKI.<\/a><\/li><li><a href=\"https:\/\/sloneczna9.pl\/?p=13298\">INFORMACJA O KWARANTANNIE W GRUPIE II MOTYLKI I  GRUPIE XI \u015aWIETLIKI.<\/a><\/li><li><a href=\"https:\/\/sloneczna9.pl\/?p=12987\">KWARANTANNA DLA DZIECI Z GRUPY VII PSZCZ\u00d3\u0141KI ORAZ INNYCH GRUP ZGODNIE Z NA\u0141O\u017bON\u0104 KWARANTANN\u0104.<\/a><\/li><li><a href=\"https:\/\/sloneczna9.pl\/?p=12963\">KWARANTANNA DLA DZIECI Z GRUPY IX STOKROTKI.<\/a><\/li><li><a href=\"https:\/\/sloneczna9.pl\/?p=12761\">KWARANTANNA DLA DZIECI Z GRUPY VI T\u0118CZOWE RYBKI.<\/a><\/li><li><a href=\"https:\/\/sloneczna9.pl\/?p=12758\">KWARANTANNA DLA DZIECI Z GRUPY XII TYGRYSKI.<\/a><\/li><li><a href=\"https:\/\/sloneczna9.pl\/?p=12730\">ZAWIESZENIE ZAJ\u0118\u0106 W GRUPIE VII.<\/a><\/li><li><a href=\"https:\/\/sloneczna9.pl\/?p=12691\">Coraz bli\u017cej nas!<\/a><\/li><li><a href=\"https:\/\/sloneczna9.pl\/?p=12416\">ZAWIESZENIE ZAJ\u0118\u0106 W GRUPIE I i II.<\/a><\/li><li><a href=\"https:\/\/sloneczna9.pl\/?p=11957\">NAGRODA G\u0141\u00d3WNA GRAND PRIX i 1 MIEJSCE W V FESTIWALU NIEPODLEG\u0141O\u015aCI DLA PRZEDSZKOLAKA-2021.<\/a><\/li><li><a href=\"https:\/\/sloneczna9.pl\/?p=11256\">ZAWIESZENIE ZAJ\u0118\u0106 W GRUPIE VII.<\/a><\/li><li><a href=\"https:\/\/sloneczna9.pl\/?p=11174\">Szko\u0142a do hymnu \u2013 podzi\u0119kowanie za udzia\u0142 w akcji.<\/a><\/li><li><a href=\"https:\/\/sloneczna9.pl\/?p=11141\">ZAWIESZENIE ZAJ\u0118\u0106 W GRUPIE VIII.<\/a><\/li><li><a href=\"https:\/\/sloneczna9.pl\/?p=11045\">Uzyskanie prolongaty Wojew\u00f3dzkiego Certyfikatu Przedszkola Promuj\u0105cego Zdrowie na lata 2021-2024.<\/a><\/li><li><a href=\"https:\/\/sloneczna9.pl\/?p=10892\">ZAWIESZENIE ZAJ\u0118\u0106 W GRUPIE VI.<\/a><\/li><li><a href=\"https:\/\/sloneczna9.pl\/?p=10870\">INFORMACJA DLA RODZIC\u00d3W.<\/a><\/li><li><a href=\"https:\/\/sloneczna9.pl\/?p=10791\">Szko\u0142a Pami\u0119ta \u2013 podzi\u0119kowanie za udzia\u0142 w akcji.<\/a><\/li><li><a href=\"https:\/\/sloneczna9.pl\/?p=10603\">SZKO\u0141A DO HYMNU<\/a><\/li><li><a href=\"https:\/\/sloneczna9.pl\/?p=10248\">&#8222;SZKO\u0141A PAMI\u0118TA&#8221;<\/a><\/li><li><a href=\"https:\/\/sloneczna9.pl\/?p=8927\">OBCHODY DNIA PRZEDSZKOLAKA<\/a><\/li><li><a href=\"https:\/\/sloneczna9.pl\/?p=8165\">W \u201eS\u0142onecznej dziewi\u0105tce\u201d \u2013 przedszkolaki konstruuj\u0105 gry matematyczne<\/a><\/li><li><a href=\"https:\/\/sloneczna9.pl\/?p=8125\">DNI SKANDYNAWSKIE<\/a><\/li><li><a href=\"https:\/\/sloneczna9.pl\/?p=7591\">Lista dzieci nieprzyj\u0119tych<\/a><\/li><li><a href=\"https:\/\/sloneczna9.pl\/?p=7589\">Lista dzieci przyj\u0119tych do S\u0142onecznej Dziewi\u0105tki<\/a><\/li><li><a href=\"https:\/\/sloneczna9.pl\/?p=7383\">Lista dzieci zakwalifikowanych<\/a><\/li><li><a href=\"https:\/\/sloneczna9.pl\/?p=7380\">Lista dzieci zakwalifikowanych przesuni\u0119tych do innej plac\u00f3wki.<\/a><\/li><li><a href=\"https:\/\/sloneczna9.pl\/?p=7376\">Lista dzieci niezakwalifikowanych<\/a><\/li><li><a href=\"https:\/\/sloneczna9.pl\/?p=7369\">Potwierdzanie woli przyj\u0119cia dziecka do przedszkola &#8211; warianty<\/a><\/li><li><a href=\"https:\/\/sloneczna9.pl\/?p=7367\">Potwierdzenie woli &#8211; wz\u00f3r<\/a><\/li><li><a href=\"https:\/\/sloneczna9.pl\/?p=7364\">Instrukcja potwierdzenia woli<\/a><\/li><li><a href=\"https:\/\/sloneczna9.pl\/?p=7269\">Rozporz\u0105dzenie z dnia 8 kwietnia 2021 r.<\/a><\/li><li><a href=\"https:\/\/sloneczna9.pl\/?p=7224\">S\u0142oneczna Dziewi\u0105tka wita przysz\u0142ych przedszkolak\u00f3w!<\/a><\/li><li><a href=\"https:\/\/sloneczna9.pl\/?p=7205\">Rozporz\u0105dzenie z 26.03.2021 r.<\/a><\/li><li><a href=\"https:\/\/sloneczna9.pl\/?p=7139\">WA\u017bNA INFORMACJA!<\/a><\/li><li><a href=\"https:\/\/sloneczna9.pl\/?p=6683\">Decyzja sanepidu<\/a><\/li><li><a href=\"https:\/\/sloneczna9.pl\/?p=6680\">Zawieszenie zaj\u0119\u0107 w naszym przedszkolu<\/a><\/li><li><a href=\"https:\/\/sloneczna9.pl\/?p=6594\">Informator &#8211; Rekrutacja!<\/a><\/li><li><a href=\"https:\/\/sloneczna9.pl\/?p=6591\">Nowy termin rekrutacji<\/a><\/li><li><a href=\"https:\/\/sloneczna9.pl\/?p=6574\">Uwaga! Bardzo wa\u017cna informacja!<\/a><\/li><li><a href=\"https:\/\/sloneczna9.pl\/?p=6495\">Rekrutacja na nowy rok szkolny<\/a><\/li><li><a href=\"https:\/\/sloneczna9.pl\/?p=6481\">Deklaracje &#8211; wa\u017cna informacja!<\/a><\/li><li><a href=\"https:\/\/sloneczna9.pl\/?p=6477\">Deklaracje na nowy rok szkolny 2021\/2022<\/a><\/li><li><a href=\"https:\/\/sloneczna9.pl\/?p=6469\">Deklaracje &#8211; Klauzula RODO<\/a><\/li><li><a href=\"https:\/\/sloneczna9.pl\/?p=6381\">ZACHODNIOPOMORSKIE PORTY OCZAMI DZIECKA &#8211; KONKURS<\/a><\/li><li><a href=\"https:\/\/sloneczna9.pl\/?p=6366\">LISTA DZIECI PRZYJ\u0118TYCH NA DY\u017bUR WAKACYJNY<\/a><\/li><li><a href=\"https:\/\/sloneczna9.pl\/?p=6018\">Nab\u00f3r &#8211; Informacje!<\/a><\/li><li><a href=\"https:\/\/sloneczna9.pl\/?p=6015\">Rekrutacja!<\/a><\/li><li><a href=\"https:\/\/sloneczna9.pl\/?p=5623\">Nab\u00f3r dzieci 6 letnich do szko\u0142y muzycznej.<\/a><\/li><li><a href=\"https:\/\/sloneczna9.pl\/?p=5489\">Mi\u0119dzynarodowy Dzie\u0144 Praw Dziecka<\/a><\/li><li><a href=\"https:\/\/sloneczna9.pl\/?p=5359\">Wakacyjny dy\u017cur 2021<\/a><\/li><li><a href=\"https:\/\/sloneczna9.pl\/?p=5262\">Zawieszenie zaj\u0119\u0107<\/a><\/li><li><a href=\"https:\/\/sloneczna9.pl\/?p=5037\">Awaria!<\/a><\/li><li><a href=\"https:\/\/sloneczna9.pl\/?p=4913\">ZDROWYCH \u015aWI\u0104T!<\/a><\/li><li><a href=\"https:\/\/sloneczna9.pl\/?p=4193\">Aktualna decyzja sanepidu<\/a><\/li><li><a href=\"https:\/\/sloneczna9.pl\/?p=3729\">Informacja &#8211; wa\u017cne!<\/a><\/li><li><a href=\"https:\/\/sloneczna9.pl\/?p=3239\">Podzi\u0119kowanie<\/a><\/li><li><a href=\"https:\/\/sloneczna9.pl\/?p=1684\">\u015awi\u0119to dyni<\/a><\/li><li><a href=\"https:\/\/sloneczna9.pl\/?p=1214\">Dzie\u0144 Edukacji Narodowej<\/a><\/li><li><a href=\"https:\/\/sloneczna9.pl\/?p=1163\">PROCEDURA WYJ\u015aCIA NA PLAC ZABAW<\/a><\/li><li><a href=\"https:\/\/sloneczna9.pl\/?p=1161\">Zasi\u0142ek opieku\u0144czy<\/a><\/li><li><a href=\"https:\/\/sloneczna9.pl\/?p=1159\">Zasady bezpiecze\u0144stwa<\/a><\/li><li><a href=\"https:\/\/sloneczna9.pl\/?p=1157\">WA\u017bNE!<\/a><\/li><li><a href=\"https:\/\/sloneczna9.pl\/?p=1154\">Nowy rok szkolny 2020\/2021<\/a><\/li><li><a href=\"https:\/\/sloneczna9.pl\/?p=1151\">Procedura przyprowadzania i odbierania dziecka w Przedszkolu Publicznym Nr 9 w Szczecinie w zwi\u0105zku z re\u017cimem sanitarnym w czasie pandemii<\/a><\/li><li><a href=\"https:\/\/sloneczna9.pl\/?p=1147\">Regulamin ucz\u0119szczania dzieci do Przedszkola Publicznego Nr 9 w Szczecinie w zwi\u0105zku z re\u017cimem sanitarnym w czasie pandemii<\/a><\/li><li><a href=\"https:\/\/sloneczna9.pl\/?p=1145\">M\u00f3j najwi\u0119kszy skarb, idzie do przedszkola<\/a><\/li><li><a href=\"https:\/\/sloneczna9.pl\/?p=1143\">Pocz\u0105tek jest zawsze trudny<\/a><\/li><li><a href=\"https:\/\/sloneczna9.pl\/?p=1139\">Dziecko idzie do przedszkola. Adaptacja rodzic\u00f3w<\/a><\/li><li><a href=\"https:\/\/sloneczna9.pl\/?p=1133\">Bez p\u0142aczu do przedszkola<\/a><\/li><\/ul><\/h5>\n","protected":false},"excerpt":{"rendered":"<p>Aktualno\u015bci:<\/p>\n","protected":false},"author":2,"featured_media":0,"parent":0,"menu_order":0,"comment_status":"closed","ping_status":"closed","template":"","meta":{"ngg_post_thumbnail":0},"_links":{"self":[{"href":"https:\/\/sloneczna9.pl\/index.php?rest_route=\/wp\/v2\/pages\/394"}],"collection":[{"href":"https:\/\/sloneczna9.pl\/index.php?rest_route=\/wp\/v2\/pages"}],"about":[{"href":"https:\/\/sloneczna9.pl\/index.php?rest_route=\/wp\/v2\/types\/page"}],"author":[{"embeddable":true,"href":"https:\/\/sloneczna9.pl\/index.php?rest_route=\/wp\/v2\/users\/2"}],"replies":[{"embeddable":true,"href":"https:\/\/sloneczna9.pl\/index.php?rest_route=%2Fwp%2Fv2%2Fcomments&post=394"}],"version-history":[{"count":2,"href":"https:\/\/sloneczna9.pl\/index.php?rest_route=\/wp\/v2\/pages\/394\/revisions"}],"predecessor-version":[{"id":2548,"href":"https:\/\/sloneczna9.pl\/index.php?rest_route=\/wp\/v2\/pages\/394\/revisions\/2548"}],"wp:attachment":[{"href":"https:\/\/sloneczna9.pl\/index.php?rest_route=%2Fwp%2Fv2%2Fmedia&parent=394"}],"curies":[{"name":"wp","href":"https:\/\/api.w.org\/{rel}","templated":true}]}}